{"id":94597,"date":"2023-11-16T21:27:37","date_gmt":"2023-11-16T20:28:21","guid":{"rendered":"https:\/\/www.rubengalarreta.com\/?post_type=product&#038;p=94597"},"modified":"2024-03-19T20:40:07","modified_gmt":"2024-03-19T19:40:07","slug":"pantalon-cargo-de-rejilla","status":"publish","type":"product","link":"https:\/\/www.rubengalarreta.com\/es\/product\/man-es\/berlin-es\/pantalon-cargo-de-rejilla\/","title":{"rendered":"PANTAL\u00d3N CARGO DE REJILLA"},"content":{"rendered":"<p><b>PANTAL\u00d3N CARGO DE REJILLA<\/b><\/p>\n<p><strong>DESCRIPCI\u00d3N<\/strong><\/p>\n<p>NUESTROS PANTALONES CARGO DE REJILLA SON LA PARTE DE ABAJO PERFECTA PARA COMBINAR CON CUALQUIERA DE NUESTROS TOPS, FABRICADOS EN REJILLA NEGRA CON NUESTRO LOGO DE SILICONA EN LA CINTURA, EQUILIBRA CONFORT Y ESTILO EN UNA SOLA PIEZA, DEBIDO A SU CORTE RELAJADO SER\u00c1 PERFECTO PARA TUS LOOKS DEL D\u00cdA A D\u00cdA, TANTO COMO PARA TUS LOOKS DE FIESTA DEPENDIENDO DE COMO LOS COMBINES. TIENE BOLSILLOS FUNCIONALES EN LOS LATERALES Y 2 BOLSILLOS M\u00c1S CON SOLAPAS DECORADAS CON NUESTROS LOGOS DE SILICONA EN LA PARTE INFERIOR QUE LE DAN ESE TOQUE CARGO AL PANTAL\u00d3N. LA CINTURA TAMBI\u00c9N TIENE EL\u00c1STICO EN EL INTERIOR PARA DAR COMODIDAD AL LLEVARLOS. SI QUIERES TENER ALGUNAS IDEAS SOBRE C\u00d3MO PONERTELO SEG\u00daN LA OCASI\u00d3N SIGUE LEYENDO LOS CONSEJOS DEL DISE\u00d1ADOR.<\/p>\n<p><strong>CONSEJOS DE ESTILO DE RUB\u00c9N<\/strong><\/p>\n<p>COMO HEMOS DICHO ANTES, NUESTROS PANTALONES CARGO SON REALMENTE VERS\u00c1TILES, COMBINALOS CON NUESTRO NUEVO CROPTOP DE REJILLA LLEVANDO UNA CAMISA FORMAL BLANCA DEBAJO Y BOTAS MILITARES PARA UN D\u00cdA CASUAL, O COMBINALOS CON NUESTRA CAMISETA AJUSTADA DE MANGA LARGA Y EL ARN\u00c9S BERLIN DEBAJO PARA SALIR POR LA NOCHE, A\u00d1ADELE ENCIMA UNA BOMBER NEGRA O UNA GABARDINA DE CUERO PARA COMPLETAR TU LOOK Y TENER LAS VIBES DE LA ESCENA NOCTURNA BERLINESA.<\/p>\n","protected":false},"excerpt":{"rendered":"<p><strong>PANTAL\u00d3N CARGO DE REJILLA<\/strong><\/p>\n<p>NUESTROS PANTALONES CARGO DE REJILLA SON LA PARTE DE ABAJO PERFECTA PARA COMBINAR CON CUALQUIERA DE NUESTROS TOPS<\/p>\n","protected":false},"featured_media":94570,"comment_status":"closed","ping_status":"closed","template":"","meta":{"_monsterinsights_skip_tracking":false,"_monsterinsights_sitenote_active":false,"_monsterinsights_sitenote_note":"","_monsterinsights_sitenote_category":0},"product_brand":[],"product_cat":[5889,1921],"product_tag":[2169],"class_list":{"0":"post-94597","1":"product","2":"type-product","3":"status-publish","4":"has-post-thumbnail","6":"product_cat-berlin-es","7":"product_cat-man-es","8":"product_tag-pantalones-shorts","10":"first","11":"instock","12":"taxable","13":"shipping-taxable","14":"purchasable","15":"product-type-variable","16":"has-default-attributes"},"yoast_head":"<!-- This site is optimized with the Yoast SEO plugin v27.4 - https:\/\/yoast.com\/product\/yoast-seo-wordpress\/ -->\n<title>PANTAL\u00d3N CARGO DE REJILLA - Ruben Galarreta Tienda<\/title>\n<meta name=\"description\" content=\"Leggins de encaje negro pertenecientes a la colecci\u00f3n Dark Roses dise\u00f1ados en exclusiva por Rub\u00e9n Galarreta en Espa\u00f1a. Compra en la web.\" \/>\n<meta name=\"robots\" content=\"index, follow, max-snippet:-1, max-image-preview:large, max-video-preview:-1\" \/>\n<link rel=\"canonical\" href=\"https:\/\/www.rubengalarreta.com\/es\/product\/man-es\/berlin-es\/pantalon-cargo-de-rejilla\/\" \/>\n<meta property=\"og:locale\" content=\"es_ES\" \/>\n<meta property=\"og:type\" content=\"article\" \/>\n<meta property=\"og:title\" content=\"PANTAL\u00d3N CARGO DE REJILLA - Ruben Galarreta Tienda\" \/>\n<meta property=\"og:description\" content=\"Leggins de encaje negro pertenecientes a la colecci\u00f3n Dark Roses dise\u00f1ados en exclusiva por Rub\u00e9n Galarreta en Espa\u00f1a. Compra en la web.\" \/>\n<meta property=\"og:url\" content=\"https:\/\/www.rubengalarreta.com\/es\/product\/man-es\/berlin-es\/pantalon-cargo-de-rejilla\/\" \/>\n<meta property=\"og:site_name\" content=\"Ruben Galarreta\" \/>\n<meta property=\"article:modified_time\" content=\"2024-03-19T19:40:07+00:00\" \/>\n<meta property=\"og:image\" content=\"https:\/\/www.rubengalarreta.com\/wp-content\/uploads\/2023\/11\/1-ruben-galarreta-berlin-collection-men-wear-hot-2023-MEH-CARGO-SHORT-front.jpg\" \/>\n\t<meta property=\"og:image:width\" content=\"720\" \/>\n\t<meta property=\"og:image:height\" content=\"1022\" \/>\n\t<meta property=\"og:image:type\" content=\"image\/jpeg\" \/>\n<meta name=\"twitter:card\" content=\"summary_large_image\" \/>\n<meta name=\"twitter:label1\" content=\"Tiempo de lectura\" \/>\n\t<meta name=\"twitter:data1\" content=\"1 minuto\" \/>\n<script type=\"application\/ld+json\" class=\"yoast-schema-graph\">{\"@context\":\"https:\\\/\\\/schema.org\",\"@graph\":[{\"@type\":\"WebPage\",\"@id\":\"https:\\\/\\\/www.rubengalarreta.com\\\/es\\\/product\\\/man-es\\\/berlin-es\\\/pantalon-cargo-de-rejilla\\\/\",\"url\":\"https:\\\/\\\/www.rubengalarreta.com\\\/es\\\/product\\\/man-es\\\/berlin-es\\\/pantalon-cargo-de-rejilla\\\/\",\"name\":\"PANTAL\u00d3N CARGO DE REJILLA - Ruben Galarreta Tienda\",\"isPartOf\":{\"@id\":\"https:\\\/\\\/www.rubengalarreta.com\\\/es\\\/#website\"},\"primaryImageOfPage\":{\"@id\":\"https:\\\/\\\/www.rubengalarreta.com\\\/es\\\/product\\\/man-es\\\/berlin-es\\\/pantalon-cargo-de-rejilla\\\/#primaryimage\"},\"image\":{\"@id\":\"https:\\\/\\\/www.rubengalarreta.com\\\/es\\\/product\\\/man-es\\\/berlin-es\\\/pantalon-cargo-de-rejilla\\\/#primaryimage\"},\"thumbnailUrl\":\"https:\\\/\\\/www.rubengalarreta.com\\\/wp-content\\\/uploads\\\/2023\\\/11\\\/1-ruben-galarreta-berlin-collection-men-wear-hot-2023-MEH-CARGO-SHORT-front.jpg\",\"datePublished\":\"2023-11-16T20:28:21+00:00\",\"dateModified\":\"2024-03-19T19:40:07+00:00\",\"description\":\"Leggins de encaje negro pertenecientes a la colecci\u00f3n Dark Roses dise\u00f1ados en exclusiva por Rub\u00e9n Galarreta en Espa\u00f1a. Compra en la web.\",\"breadcrumb\":{\"@id\":\"https:\\\/\\\/www.rubengalarreta.com\\\/es\\\/product\\\/man-es\\\/berlin-es\\\/pantalon-cargo-de-rejilla\\\/#breadcrumb\"},\"inLanguage\":\"es\",\"potentialAction\":[{\"@type\":\"ReadAction\",\"target\":[\"https:\\\/\\\/www.rubengalarreta.com\\\/es\\\/product\\\/man-es\\\/berlin-es\\\/pantalon-cargo-de-rejilla\\\/\"]}]},{\"@type\":\"ImageObject\",\"inLanguage\":\"es\",\"@id\":\"https:\\\/\\\/www.rubengalarreta.com\\\/es\\\/product\\\/man-es\\\/berlin-es\\\/pantalon-cargo-de-rejilla\\\/#primaryimage\",\"url\":\"https:\\\/\\\/www.rubengalarreta.com\\\/wp-content\\\/uploads\\\/2023\\\/11\\\/1-ruben-galarreta-berlin-collection-men-wear-hot-2023-MEH-CARGO-SHORT-front.jpg\",\"contentUrl\":\"https:\\\/\\\/www.rubengalarreta.com\\\/wp-content\\\/uploads\\\/2023\\\/11\\\/1-ruben-galarreta-berlin-collection-men-wear-hot-2023-MEH-CARGO-SHORT-front.jpg\",\"width\":720,\"height\":1022},{\"@type\":\"BreadcrumbList\",\"@id\":\"https:\\\/\\\/www.rubengalarreta.com\\\/es\\\/product\\\/man-es\\\/berlin-es\\\/pantalon-cargo-de-rejilla\\\/#breadcrumb\",\"itemListElement\":[{\"@type\":\"ListItem\",\"position\":1,\"name\":\"Home\",\"item\":\"https:\\\/\\\/www.rubengalarreta.com\\\/es\\\/\"},{\"@type\":\"ListItem\",\"position\":2,\"name\":\"Tienda Online\",\"item\":\"https:\\\/\\\/www.rubengalarreta.com\\\/es\\\/tienda-2\\\/\"},{\"@type\":\"ListItem\",\"position\":3,\"name\":\"PANTAL\u00d3N CARGO DE REJILLA\"}]},{\"@type\":\"WebSite\",\"@id\":\"https:\\\/\\\/www.rubengalarreta.com\\\/es\\\/#website\",\"url\":\"https:\\\/\\\/www.rubengalarreta.com\\\/es\\\/\",\"name\":\"Ruben Galarreta\",\"description\":\"Hot Couture | Online Store\",\"publisher\":{\"@id\":\"https:\\\/\\\/www.rubengalarreta.com\\\/es\\\/#organization\"},\"potentialAction\":[{\"@type\":\"SearchAction\",\"target\":{\"@type\":\"EntryPoint\",\"urlTemplate\":\"https:\\\/\\\/www.rubengalarreta.com\\\/es\\\/?s={search_term_string}\"},\"query-input\":{\"@type\":\"PropertyValueSpecification\",\"valueRequired\":true,\"valueName\":\"search_term_string\"}}],\"inLanguage\":\"es\"},{\"@type\":\"Organization\",\"@id\":\"https:\\\/\\\/www.rubengalarreta.com\\\/es\\\/#organization\",\"name\":\"Ruben Galarreta\",\"url\":\"https:\\\/\\\/www.rubengalarreta.com\\\/es\\\/\",\"logo\":{\"@type\":\"ImageObject\",\"inLanguage\":\"es\",\"@id\":\"https:\\\/\\\/www.rubengalarreta.com\\\/es\\\/#\\\/schema\\\/logo\\\/image\\\/\",\"url\":\"https:\\\/\\\/www.rubengalarreta.com\\\/wp-content\\\/uploads\\\/2019\\\/10\\\/rubengalarreta-menswear.jpg\",\"contentUrl\":\"https:\\\/\\\/www.rubengalarreta.com\\\/wp-content\\\/uploads\\\/2019\\\/10\\\/rubengalarreta-menswear.jpg\",\"width\":1141,\"height\":146,\"caption\":\"Ruben Galarreta\"},\"image\":{\"@id\":\"https:\\\/\\\/www.rubengalarreta.com\\\/es\\\/#\\\/schema\\\/logo\\\/image\\\/\"}}]}<\/script>\n<!-- \/ Yoast SEO plugin. -->","yoast_head_json":{"title":"PANTAL\u00d3N CARGO DE REJILLA - Ruben Galarreta Tienda","description":"Leggins de encaje negro pertenecientes a la colecci\u00f3n Dark Roses dise\u00f1ados en exclusiva por Rub\u00e9n Galarreta en Espa\u00f1a. Compra en la web.","robots":{"index":"index","follow":"follow","max-snippet":"max-snippet:-1","max-image-preview":"max-image-preview:large","max-video-preview":"max-video-preview:-1"},"canonical":"https:\/\/www.rubengalarreta.com\/es\/product\/man-es\/berlin-es\/pantalon-cargo-de-rejilla\/","og_locale":"es_ES","og_type":"article","og_title":"PANTAL\u00d3N CARGO DE REJILLA - Ruben Galarreta Tienda","og_description":"Leggins de encaje negro pertenecientes a la colecci\u00f3n Dark Roses dise\u00f1ados en exclusiva por Rub\u00e9n Galarreta en Espa\u00f1a. Compra en la web.","og_url":"https:\/\/www.rubengalarreta.com\/es\/product\/man-es\/berlin-es\/pantalon-cargo-de-rejilla\/","og_site_name":"Ruben Galarreta","article_modified_time":"2024-03-19T19:40:07+00:00","og_image":[{"width":720,"height":1022,"url":"https:\/\/www.rubengalarreta.com\/wp-content\/uploads\/2023\/11\/1-ruben-galarreta-berlin-collection-men-wear-hot-2023-MEH-CARGO-SHORT-front.jpg","type":"image\/jpeg"}],"twitter_card":"summary_large_image","twitter_misc":{"Tiempo de lectura":"1 minuto"},"schema":{"@context":"https:\/\/schema.org","@graph":[{"@type":"WebPage","@id":"https:\/\/www.rubengalarreta.com\/es\/product\/man-es\/berlin-es\/pantalon-cargo-de-rejilla\/","url":"https:\/\/www.rubengalarreta.com\/es\/product\/man-es\/berlin-es\/pantalon-cargo-de-rejilla\/","name":"PANTAL\u00d3N CARGO DE REJILLA - Ruben Galarreta Tienda","isPartOf":{"@id":"https:\/\/www.rubengalarreta.com\/es\/#website"},"primaryImageOfPage":{"@id":"https:\/\/www.rubengalarreta.com\/es\/product\/man-es\/berlin-es\/pantalon-cargo-de-rejilla\/#primaryimage"},"image":{"@id":"https:\/\/www.rubengalarreta.com\/es\/product\/man-es\/berlin-es\/pantalon-cargo-de-rejilla\/#primaryimage"},"thumbnailUrl":"https:\/\/www.rubengalarreta.com\/wp-content\/uploads\/2023\/11\/1-ruben-galarreta-berlin-collection-men-wear-hot-2023-MEH-CARGO-SHORT-front.jpg","datePublished":"2023-11-16T20:28:21+00:00","dateModified":"2024-03-19T19:40:07+00:00","description":"Leggins de encaje negro pertenecientes a la colecci\u00f3n Dark Roses dise\u00f1ados en exclusiva por Rub\u00e9n Galarreta en Espa\u00f1a. Compra en la web.","breadcrumb":{"@id":"https:\/\/www.rubengalarreta.com\/es\/product\/man-es\/berlin-es\/pantalon-cargo-de-rejilla\/#breadcrumb"},"inLanguage":"es","potentialAction":[{"@type":"ReadAction","target":["https:\/\/www.rubengalarreta.com\/es\/product\/man-es\/berlin-es\/pantalon-cargo-de-rejilla\/"]}]},{"@type":"ImageObject","inLanguage":"es","@id":"https:\/\/www.rubengalarreta.com\/es\/product\/man-es\/berlin-es\/pantalon-cargo-de-rejilla\/#primaryimage","url":"https:\/\/www.rubengalarreta.com\/wp-content\/uploads\/2023\/11\/1-ruben-galarreta-berlin-collection-men-wear-hot-2023-MEH-CARGO-SHORT-front.jpg","contentUrl":"https:\/\/www.rubengalarreta.com\/wp-content\/uploads\/2023\/11\/1-ruben-galarreta-berlin-collection-men-wear-hot-2023-MEH-CARGO-SHORT-front.jpg","width":720,"height":1022},{"@type":"BreadcrumbList","@id":"https:\/\/www.rubengalarreta.com\/es\/product\/man-es\/berlin-es\/pantalon-cargo-de-rejilla\/#breadcrumb","itemListElement":[{"@type":"ListItem","position":1,"name":"Home","item":"https:\/\/www.rubengalarreta.com\/es\/"},{"@type":"ListItem","position":2,"name":"Tienda Online","item":"https:\/\/www.rubengalarreta.com\/es\/tienda-2\/"},{"@type":"ListItem","position":3,"name":"PANTAL\u00d3N CARGO DE REJILLA"}]},{"@type":"WebSite","@id":"https:\/\/www.rubengalarreta.com\/es\/#website","url":"https:\/\/www.rubengalarreta.com\/es\/","name":"Ruben Galarreta","description":"Hot Couture | Online Store","publisher":{"@id":"https:\/\/www.rubengalarreta.com\/es\/#organization"},"potentialAction":[{"@type":"SearchAction","target":{"@type":"EntryPoint","urlTemplate":"https:\/\/www.rubengalarreta.com\/es\/?s={search_term_string}"},"query-input":{"@type":"PropertyValueSpecification","valueRequired":true,"valueName":"search_term_string"}}],"inLanguage":"es"},{"@type":"Organization","@id":"https:\/\/www.rubengalarreta.com\/es\/#organization","name":"Ruben Galarreta","url":"https:\/\/www.rubengalarreta.com\/es\/","logo":{"@type":"ImageObject","inLanguage":"es","@id":"https:\/\/www.rubengalarreta.com\/es\/#\/schema\/logo\/image\/","url":"https:\/\/www.rubengalarreta.com\/wp-content\/uploads\/2019\/10\/rubengalarreta-menswear.jpg","contentUrl":"https:\/\/www.rubengalarreta.com\/wp-content\/uploads\/2019\/10\/rubengalarreta-menswear.jpg","width":1141,"height":146,"caption":"Ruben Galarreta"},"image":{"@id":"https:\/\/www.rubengalarreta.com\/es\/#\/schema\/logo\/image\/"}}]}},"_links":{"self":[{"href":"https:\/\/www.rubengalarreta.com\/es\/wp-json\/wp\/v2\/product\/94597","targetHints":{"allow":["GET"]}}],"collection":[{"href":"https:\/\/www.rubengalarreta.com\/es\/wp-json\/wp\/v2\/product"}],"about":[{"href":"https:\/\/www.rubengalarreta.com\/es\/wp-json\/wp\/v2\/types\/product"}],"replies":[{"embeddable":true,"href":"https:\/\/www.rubengalarreta.com\/es\/wp-json\/wp\/v2\/comments?post=94597"}],"wp:featuredmedia":[{"embeddable":true,"href":"https:\/\/www.rubengalarreta.com\/es\/wp-json\/wp\/v2\/media\/94570"}],"wp:attachment":[{"href":"https:\/\/www.rubengalarreta.com\/es\/wp-json\/wp\/v2\/media?parent=94597"}],"wp:term":[{"taxonomy":"product_brand","embeddable":true,"href":"https:\/\/www.rubengalarreta.com\/es\/wp-json\/wp\/v2\/product_brand?post=94597"},{"taxonomy":"product_cat","embeddable":true,"href":"https:\/\/www.rubengalarreta.com\/es\/wp-json\/wp\/v2\/product_cat?post=94597"},{"taxonomy":"product_tag","embeddable":true,"href":"https:\/\/www.rubengalarreta.com\/es\/wp-json\/wp\/v2\/product_tag?post=94597"}],"curies":[{"name":"wp","href":"https:\/\/api.w.org\/{rel}","templated":true}]}}