{"id":94475,"date":"2023-11-16T19:59:02","date_gmt":"2023-11-16T19:00:08","guid":{"rendered":"https:\/\/www.rubengalarreta.com\/?post_type=product&#038;p=94475"},"modified":"2026-04-28T14:10:45","modified_gmt":"2026-04-28T12:10:45","slug":"camiseta-corse-berlin","status":"publish","type":"product","link":"https:\/\/www.rubengalarreta.com\/es\/product\/man-es\/berlin-es\/camiseta-corse-berlin\/","title":{"rendered":"CAMISETA CORS\u00c9 BERLIN"},"content":{"rendered":"<p><strong>CAMISETA CORS\u00c9 BERLIN<\/strong><\/p>\n<p><strong>DESCRIPCI\u00d3N<\/strong><\/p>\n<p>OS PRESENTAMOS UNA DE NUESTRAS PIEZAS FAVORITAS DE LA COLECCI\u00d3N, LA CAMISETA CORS\u00c9 BERLIN EST\u00c1 HA SIDO DISE\u00d1ADO S\u00d3LO PARA LOS M\u00c1S ATREVIDOS, Y ESTAMOS 100% SEGUROS DE QUE SER\u00c1 UNA DE VUESTRAS PIEZAS M\u00c1S DESEADAS DE LA COLECCI\u00d3N. INSPIRADO EN LAS FORMAS Y LINEAS TIPICAS DE UN CORS\u00c9 Y EN EL PATR\u00d3N QUE SE UTILIZABA PARA REDUCIR LA CINTURA, LO HEMOS CONVERTIDO EN UNA PRENDA C\u00d3MODA: DEBIDO A SUS MATERIALES EL\u00c1STICOS, UNA MEZCLA DE TEJIDO EL\u00c1STICO Y NUESTRA TELA IMPRESA CON EL LOGO EN TERCIOPELO NEGRO PARA LUEGO DECORARLO CON VIVOS NEGROS SIGUIENDO LA FORMA DEL CUERPO, TRANSFORM\u00c1NDOLO EN UN TOP QUE LLEVAR\u00c1 TUS LOOKS A OTRO NIVEL. ESTA PIEZA COMO EL RESTO DE NUESTRA COLECCI\u00d3N BERLIN SE HA FABRICADO EN CUATRO TALLAS INCLUYENDO LA TALLA EXTRA GRANDE A NUESTRO STOCK! NO DEJES DE LEER NUESTROS \u00abTIPS\u00bb PARA VER C\u00d3MO RUB\u00c9N LLEVAR\u00cdA ESTA PIEZA!<\/p>\n<p><strong>COMO LO LLEVAR\u00cdA\u00a0 RUB\u00c9N<\/strong><\/p>\n<p>COMO BIEN DIJIMOS, CREEMOS QUE ESTA PRENDA VA A SER UNA DE LAS MAS DESEADAS DE LA COLECCI\u00d3N Y OS LA\u00a0 IMAGINAMOS LLEV\u00c1NDOLA EN LAS MEJORES FIESTAS DEL MUNDO, AHORA BIEN, PREP\u00c1RATE PARA SER EL SHOW STOPPER DE TU CIUDAD A\u00d1ADIENDO ESTE CORS\u00c9 EL\u00c1STICO A TU CLOSET Y D\u00c1NDOLE RIENDA SUELTA A TU IMAGINACI\u00d3N CREANDOTE TUS LOOKS MAS EXPLOSIVOS. LO IMAGINAMOS COMBINADO CON NUESTRO BOXER TRANSPARENTE MOSTRANDO LA CINTURA POR ENCIMA DE NUESTROS SHORTS CARGO PARA UN TOTAL LOOK DE GALARRETA BOY. PERO TAMBI\u00c9N NOS ENCANTAR\u00cdA VERLO CON JEANS AZULES Y UNA BOMBER NEGRA (SPOYLER: LA COLECCI\u00d3N BERLIN TENDR\u00c1 UNA INCRE\u00cdBLE BOMBER NEGRA PRONTO) PERO TAMBI\u00c9N NOS GUSTA LLEVADO A UN ESTILO M\u00c1S \u00abDOSMILERO\u00bb COMBINADO CON PANTALONES DEPORTIVOS DE CORCHETES Y ZAPATILLAS PARA UN D\u00cdA DE COMPRAS! EN CUALQUIER CASO ESTAMOS DESEANDO VER C\u00d3MO IMAGINAS ESTA PRENDA EN TUS LOOKS. AS\u00cd QUE NO OLVIDES COMPARTIR TUS FOTOS CON NOSOTROS!<\/p>\n","protected":false},"excerpt":{"rendered":"<p><strong>CAMISETA CORS\u00c9 BERLIN<\/strong><\/p>\n<p>OS PRESENTAMOS UNA DE NUESTRAS PIEZAS FAVORITAS DE LA COLECCI\u00d3N<\/p>\n","protected":false},"featured_media":94725,"comment_status":"closed","ping_status":"closed","template":"","meta":{"_monsterinsights_skip_tracking":false,"_monsterinsights_sitenote_active":false,"_monsterinsights_sitenote_note":"","_monsterinsights_sitenote_category":0},"product_brand":[],"product_cat":[5889,1921],"product_tag":[2171],"class_list":{"0":"post-94475","1":"product","2":"type-product","3":"status-publish","4":"has-post-thumbnail","6":"product_cat-berlin-es","7":"product_cat-man-es","8":"product_tag-camisetas-y-tops","10":"first","11":"instock","12":"taxable","13":"shipping-taxable","14":"purchasable","15":"product-type-variable","16":"has-default-attributes"},"yoast_head":"<!-- This site is optimized with the Yoast SEO plugin v27.5 - https:\/\/yoast.com\/product\/yoast-seo-wordpress\/ -->\n<title>CAMISETA CORS\u00c9 BERLIN - Ruben Galarreta Tienda<\/title>\n<meta name=\"description\" content=\"Leggins de encaje negro pertenecientes a la colecci\u00f3n Dark Roses dise\u00f1ados en exclusiva por Rub\u00e9n Galarreta en Espa\u00f1a. Compra en la web.\" \/>\n<meta name=\"robots\" content=\"index, follow, max-snippet:-1, max-image-preview:large, max-video-preview:-1\" \/>\n<link rel=\"canonical\" href=\"https:\/\/www.rubengalarreta.com\/es\/product\/man-es\/berlin-es\/camiseta-corse-berlin\/\" \/>\n<meta property=\"og:locale\" content=\"es_ES\" \/>\n<meta property=\"og:type\" content=\"article\" \/>\n<meta property=\"og:title\" content=\"CAMISETA CORS\u00c9 BERLIN - Ruben Galarreta Tienda\" \/>\n<meta property=\"og:description\" content=\"Leggins de encaje negro pertenecientes a la colecci\u00f3n Dark Roses dise\u00f1ados en exclusiva por Rub\u00e9n Galarreta en Espa\u00f1a. Compra en la web.\" \/>\n<meta property=\"og:url\" content=\"https:\/\/www.rubengalarreta.com\/es\/product\/man-es\/berlin-es\/camiseta-corse-berlin\/\" \/>\n<meta property=\"og:site_name\" content=\"Ruben Galarreta\" \/>\n<meta property=\"article:modified_time\" content=\"2026-04-28T12:10:45+00:00\" \/>\n<meta property=\"og:image\" content=\"https:\/\/www.rubengalarreta.com\/wp-content\/uploads\/2023\/11\/2-ruben-galarreta-berlin-collection-men-wear-hot-2023-flock-RELAXED-CORET-front.jpg\" \/>\n\t<meta property=\"og:image:width\" content=\"704\" \/>\n\t<meta property=\"og:image:height\" content=\"1000\" \/>\n\t<meta property=\"og:image:type\" content=\"image\/jpeg\" \/>\n<meta name=\"twitter:card\" content=\"summary_large_image\" \/>\n<meta name=\"twitter:label1\" content=\"Tiempo de lectura\" \/>\n\t<meta name=\"twitter:data1\" content=\"2 minutos\" \/>\n<script type=\"application\/ld+json\" class=\"yoast-schema-graph\">{\"@context\":\"https:\\\/\\\/schema.org\",\"@graph\":[{\"@type\":\"WebPage\",\"@id\":\"https:\\\/\\\/www.rubengalarreta.com\\\/es\\\/product\\\/man-es\\\/berlin-es\\\/camiseta-corse-berlin\\\/\",\"url\":\"https:\\\/\\\/www.rubengalarreta.com\\\/es\\\/product\\\/man-es\\\/berlin-es\\\/camiseta-corse-berlin\\\/\",\"name\":\"CAMISETA CORS\u00c9 BERLIN - Ruben Galarreta Tienda\",\"isPartOf\":{\"@id\":\"https:\\\/\\\/www.rubengalarreta.com\\\/es\\\/#website\"},\"primaryImageOfPage\":{\"@id\":\"https:\\\/\\\/www.rubengalarreta.com\\\/es\\\/product\\\/man-es\\\/berlin-es\\\/camiseta-corse-berlin\\\/#primaryimage\"},\"image\":{\"@id\":\"https:\\\/\\\/www.rubengalarreta.com\\\/es\\\/product\\\/man-es\\\/berlin-es\\\/camiseta-corse-berlin\\\/#primaryimage\"},\"thumbnailUrl\":\"https:\\\/\\\/www.rubengalarreta.com\\\/wp-content\\\/uploads\\\/2023\\\/11\\\/2-ruben-galarreta-berlin-collection-men-wear-hot-2023-flock-RELAXED-CORET-front.jpg\",\"datePublished\":\"2023-11-16T19:00:08+00:00\",\"dateModified\":\"2026-04-28T12:10:45+00:00\",\"description\":\"Leggins de encaje negro pertenecientes a la colecci\u00f3n Dark Roses dise\u00f1ados en exclusiva por Rub\u00e9n Galarreta en Espa\u00f1a. Compra en la web.\",\"breadcrumb\":{\"@id\":\"https:\\\/\\\/www.rubengalarreta.com\\\/es\\\/product\\\/man-es\\\/berlin-es\\\/camiseta-corse-berlin\\\/#breadcrumb\"},\"inLanguage\":\"es\",\"potentialAction\":[{\"@type\":\"ReadAction\",\"target\":[\"https:\\\/\\\/www.rubengalarreta.com\\\/es\\\/product\\\/man-es\\\/berlin-es\\\/camiseta-corse-berlin\\\/\"]}]},{\"@type\":\"ImageObject\",\"inLanguage\":\"es\",\"@id\":\"https:\\\/\\\/www.rubengalarreta.com\\\/es\\\/product\\\/man-es\\\/berlin-es\\\/camiseta-corse-berlin\\\/#primaryimage\",\"url\":\"https:\\\/\\\/www.rubengalarreta.com\\\/wp-content\\\/uploads\\\/2023\\\/11\\\/2-ruben-galarreta-berlin-collection-men-wear-hot-2023-flock-RELAXED-CORET-front.jpg\",\"contentUrl\":\"https:\\\/\\\/www.rubengalarreta.com\\\/wp-content\\\/uploads\\\/2023\\\/11\\\/2-ruben-galarreta-berlin-collection-men-wear-hot-2023-flock-RELAXED-CORET-front.jpg\",\"width\":704,\"height\":1000},{\"@type\":\"BreadcrumbList\",\"@id\":\"https:\\\/\\\/www.rubengalarreta.com\\\/es\\\/product\\\/man-es\\\/berlin-es\\\/camiseta-corse-berlin\\\/#breadcrumb\",\"itemListElement\":[{\"@type\":\"ListItem\",\"position\":1,\"name\":\"Home\",\"item\":\"https:\\\/\\\/www.rubengalarreta.com\\\/es\\\/\"},{\"@type\":\"ListItem\",\"position\":2,\"name\":\"Tienda Online\",\"item\":\"https:\\\/\\\/www.rubengalarreta.com\\\/es\\\/tienda-2\\\/\"},{\"@type\":\"ListItem\",\"position\":3,\"name\":\"CAMISETA CORS\u00c9 BERLIN\"}]},{\"@type\":\"WebSite\",\"@id\":\"https:\\\/\\\/www.rubengalarreta.com\\\/es\\\/#website\",\"url\":\"https:\\\/\\\/www.rubengalarreta.com\\\/es\\\/\",\"name\":\"Ruben Galarreta\",\"description\":\"Hot Couture | Online Store\",\"publisher\":{\"@id\":\"https:\\\/\\\/www.rubengalarreta.com\\\/es\\\/#organization\"},\"potentialAction\":[{\"@type\":\"SearchAction\",\"target\":{\"@type\":\"EntryPoint\",\"urlTemplate\":\"https:\\\/\\\/www.rubengalarreta.com\\\/es\\\/?s={search_term_string}\"},\"query-input\":{\"@type\":\"PropertyValueSpecification\",\"valueRequired\":true,\"valueName\":\"search_term_string\"}}],\"inLanguage\":\"es\"},{\"@type\":\"Organization\",\"@id\":\"https:\\\/\\\/www.rubengalarreta.com\\\/es\\\/#organization\",\"name\":\"Ruben Galarreta\",\"url\":\"https:\\\/\\\/www.rubengalarreta.com\\\/es\\\/\",\"logo\":{\"@type\":\"ImageObject\",\"inLanguage\":\"es\",\"@id\":\"https:\\\/\\\/www.rubengalarreta.com\\\/es\\\/#\\\/schema\\\/logo\\\/image\\\/\",\"url\":\"https:\\\/\\\/www.rubengalarreta.com\\\/wp-content\\\/uploads\\\/2019\\\/10\\\/rubengalarreta-menswear.jpg\",\"contentUrl\":\"https:\\\/\\\/www.rubengalarreta.com\\\/wp-content\\\/uploads\\\/2019\\\/10\\\/rubengalarreta-menswear.jpg\",\"width\":1141,\"height\":146,\"caption\":\"Ruben Galarreta\"},\"image\":{\"@id\":\"https:\\\/\\\/www.rubengalarreta.com\\\/es\\\/#\\\/schema\\\/logo\\\/image\\\/\"}}]}<\/script>\n<!-- \/ Yoast SEO plugin. -->","yoast_head_json":{"title":"CAMISETA CORS\u00c9 BERLIN - Ruben Galarreta Tienda","description":"Leggins de encaje negro pertenecientes a la colecci\u00f3n Dark Roses dise\u00f1ados en exclusiva por Rub\u00e9n Galarreta en Espa\u00f1a. Compra en la web.","robots":{"index":"index","follow":"follow","max-snippet":"max-snippet:-1","max-image-preview":"max-image-preview:large","max-video-preview":"max-video-preview:-1"},"canonical":"https:\/\/www.rubengalarreta.com\/es\/product\/man-es\/berlin-es\/camiseta-corse-berlin\/","og_locale":"es_ES","og_type":"article","og_title":"CAMISETA CORS\u00c9 BERLIN - Ruben Galarreta Tienda","og_description":"Leggins de encaje negro pertenecientes a la colecci\u00f3n Dark Roses dise\u00f1ados en exclusiva por Rub\u00e9n Galarreta en Espa\u00f1a. Compra en la web.","og_url":"https:\/\/www.rubengalarreta.com\/es\/product\/man-es\/berlin-es\/camiseta-corse-berlin\/","og_site_name":"Ruben Galarreta","article_modified_time":"2026-04-28T12:10:45+00:00","og_image":[{"width":704,"height":1000,"url":"https:\/\/www.rubengalarreta.com\/wp-content\/uploads\/2023\/11\/2-ruben-galarreta-berlin-collection-men-wear-hot-2023-flock-RELAXED-CORET-front.jpg","type":"image\/jpeg"}],"twitter_card":"summary_large_image","twitter_misc":{"Tiempo de lectura":"2 minutos"},"schema":{"@context":"https:\/\/schema.org","@graph":[{"@type":"WebPage","@id":"https:\/\/www.rubengalarreta.com\/es\/product\/man-es\/berlin-es\/camiseta-corse-berlin\/","url":"https:\/\/www.rubengalarreta.com\/es\/product\/man-es\/berlin-es\/camiseta-corse-berlin\/","name":"CAMISETA CORS\u00c9 BERLIN - Ruben Galarreta Tienda","isPartOf":{"@id":"https:\/\/www.rubengalarreta.com\/es\/#website"},"primaryImageOfPage":{"@id":"https:\/\/www.rubengalarreta.com\/es\/product\/man-es\/berlin-es\/camiseta-corse-berlin\/#primaryimage"},"image":{"@id":"https:\/\/www.rubengalarreta.com\/es\/product\/man-es\/berlin-es\/camiseta-corse-berlin\/#primaryimage"},"thumbnailUrl":"https:\/\/www.rubengalarreta.com\/wp-content\/uploads\/2023\/11\/2-ruben-galarreta-berlin-collection-men-wear-hot-2023-flock-RELAXED-CORET-front.jpg","datePublished":"2023-11-16T19:00:08+00:00","dateModified":"2026-04-28T12:10:45+00:00","description":"Leggins de encaje negro pertenecientes a la colecci\u00f3n Dark Roses dise\u00f1ados en exclusiva por Rub\u00e9n Galarreta en Espa\u00f1a. Compra en la web.","breadcrumb":{"@id":"https:\/\/www.rubengalarreta.com\/es\/product\/man-es\/berlin-es\/camiseta-corse-berlin\/#breadcrumb"},"inLanguage":"es","potentialAction":[{"@type":"ReadAction","target":["https:\/\/www.rubengalarreta.com\/es\/product\/man-es\/berlin-es\/camiseta-corse-berlin\/"]}]},{"@type":"ImageObject","inLanguage":"es","@id":"https:\/\/www.rubengalarreta.com\/es\/product\/man-es\/berlin-es\/camiseta-corse-berlin\/#primaryimage","url":"https:\/\/www.rubengalarreta.com\/wp-content\/uploads\/2023\/11\/2-ruben-galarreta-berlin-collection-men-wear-hot-2023-flock-RELAXED-CORET-front.jpg","contentUrl":"https:\/\/www.rubengalarreta.com\/wp-content\/uploads\/2023\/11\/2-ruben-galarreta-berlin-collection-men-wear-hot-2023-flock-RELAXED-CORET-front.jpg","width":704,"height":1000},{"@type":"BreadcrumbList","@id":"https:\/\/www.rubengalarreta.com\/es\/product\/man-es\/berlin-es\/camiseta-corse-berlin\/#breadcrumb","itemListElement":[{"@type":"ListItem","position":1,"name":"Home","item":"https:\/\/www.rubengalarreta.com\/es\/"},{"@type":"ListItem","position":2,"name":"Tienda Online","item":"https:\/\/www.rubengalarreta.com\/es\/tienda-2\/"},{"@type":"ListItem","position":3,"name":"CAMISETA CORS\u00c9 BERLIN"}]},{"@type":"WebSite","@id":"https:\/\/www.rubengalarreta.com\/es\/#website","url":"https:\/\/www.rubengalarreta.com\/es\/","name":"Ruben Galarreta","description":"Hot Couture | Online Store","publisher":{"@id":"https:\/\/www.rubengalarreta.com\/es\/#organization"},"potentialAction":[{"@type":"SearchAction","target":{"@type":"EntryPoint","urlTemplate":"https:\/\/www.rubengalarreta.com\/es\/?s={search_term_string}"},"query-input":{"@type":"PropertyValueSpecification","valueRequired":true,"valueName":"search_term_string"}}],"inLanguage":"es"},{"@type":"Organization","@id":"https:\/\/www.rubengalarreta.com\/es\/#organization","name":"Ruben Galarreta","url":"https:\/\/www.rubengalarreta.com\/es\/","logo":{"@type":"ImageObject","inLanguage":"es","@id":"https:\/\/www.rubengalarreta.com\/es\/#\/schema\/logo\/image\/","url":"https:\/\/www.rubengalarreta.com\/wp-content\/uploads\/2019\/10\/rubengalarreta-menswear.jpg","contentUrl":"https:\/\/www.rubengalarreta.com\/wp-content\/uploads\/2019\/10\/rubengalarreta-menswear.jpg","width":1141,"height":146,"caption":"Ruben Galarreta"},"image":{"@id":"https:\/\/www.rubengalarreta.com\/es\/#\/schema\/logo\/image\/"}}]}},"_links":{"self":[{"href":"https:\/\/www.rubengalarreta.com\/es\/wp-json\/wp\/v2\/product\/94475","targetHints":{"allow":["GET"]}}],"collection":[{"href":"https:\/\/www.rubengalarreta.com\/es\/wp-json\/wp\/v2\/product"}],"about":[{"href":"https:\/\/www.rubengalarreta.com\/es\/wp-json\/wp\/v2\/types\/product"}],"replies":[{"embeddable":true,"href":"https:\/\/www.rubengalarreta.com\/es\/wp-json\/wp\/v2\/comments?post=94475"}],"wp:featuredmedia":[{"embeddable":true,"href":"https:\/\/www.rubengalarreta.com\/es\/wp-json\/wp\/v2\/media\/94725"}],"wp:attachment":[{"href":"https:\/\/www.rubengalarreta.com\/es\/wp-json\/wp\/v2\/media?parent=94475"}],"wp:term":[{"taxonomy":"product_brand","embeddable":true,"href":"https:\/\/www.rubengalarreta.com\/es\/wp-json\/wp\/v2\/product_brand?post=94475"},{"taxonomy":"product_cat","embeddable":true,"href":"https:\/\/www.rubengalarreta.com\/es\/wp-json\/wp\/v2\/product_cat?post=94475"},{"taxonomy":"product_tag","embeddable":true,"href":"https:\/\/www.rubengalarreta.com\/es\/wp-json\/wp\/v2\/product_tag?post=94475"}],"curies":[{"name":"wp","href":"https:\/\/api.w.org\/{rel}","templated":true}]}}