{"id":83695,"date":"2022-04-19T16:38:43","date_gmt":"2022-04-19T14:39:51","guid":{"rendered":"https:\/\/www.rubengalarreta.com\/?post_type=product&#038;p=83695"},"modified":"2022-06-17T21:16:27","modified_gmt":"2022-06-17T19:16:27","slug":"mono-corto-san-antonio","status":"publish","type":"product","link":"https:\/\/www.rubengalarreta.com\/es\/product\/man-es\/eivissa-es\/mono-corto-san-antonio\/","title":{"rendered":"MONO CORTO SAN ANTONIO"},"content":{"rendered":"<h2><strong>MONO CORTO SAN ANTONIO<\/strong><\/h2>\n<table style=\"height: 183px; width: 100%; border-collapse: collapse; border-style: hidden;\">\n<tbody>\n<tr valign=\"TOP\">\n<td style=\"width: 49.8998%; border-style: hidden;\" width=\"293\" height=\"19\"><span style=\"color: #000000;\"><span style=\"font-family: trebuchet ms, serif;\"><b>DETALLES DE PRODUCTO:<br \/>\n<\/b><\/span><\/span><span style=\"color: #999999;\"><span style=\"font-family: trebuchet ms, serif;\">&#8211; Tejido blanco transparente 100% poliamida de punto suave<\/span><\/span><br \/>\n<span style=\"color: #999999;\"><span style=\"font-family: trebuchet ms, serif;\">-Cremallera dorada metalizada\u00a0<\/span><\/span><\/td>\n<td style=\"width: 50.1002%; border-style: hidden;\" width=\"293\"><span style=\"color: #000000;\"><span style=\"font-family: trebuchet ms, serif;\"><b>TALLA:<br \/>\n<\/b><\/span><\/span><span style=\"color: #999999;\"><span style=\"font-family: trebuchet ms, serif;\">-Relaxed Fit<\/span><\/span><\/td>\n<\/tr>\n<tr valign=\"TOP\">\n<td style=\"width: 49.8998%; border-style: hidden;\" width=\"293\" height=\"19\"><span style=\"color: #000000;\"><span style=\"font-family: trebuchet ms, serif;\"><b>CUIDADOS:<br \/>\n<\/b><\/span><\/span><span style=\"color: #999999;\"><span style=\"font-family: trebuchet ms, serif;\">-F\u00e1cil planchado y lavado a m\u00e1quina seg\u00fan las instrucciones de cuidado de la etiqueta<\/span><\/span><\/td>\n<td style=\"width: 50.1002%; border-style: hidden;\" width=\"293\"><span style=\"color: #000000;\"><span style=\"font-family: trebuchet ms, serif;\"><b>MEDIDAS MODELO:<br \/>\n<\/b><\/span><\/span><span style=\"color: #999999;\"><span style=\"font-family: trebuchet ms, serif;\">-Altura de modelo: <span style=\"font-weight: 400;\">187cm 6,1 ft<\/span><br \/>\n-El modelo usa talla L<\/span><\/span><\/td>\n<\/tr>\n<\/tbody>\n<\/table>\n<table style=\"height: 31px; width: 100%; border-collapse: collapse; border-style: hidden;\">\n<tbody>\n<tr valign=\"TOP\">\n<td style=\"width: 49.8998%; border-style: hidden;\" width=\"293\" height=\"19\"><img loading=\"lazy\" decoding=\"async\" class=\"alignnone wp-image-84889 \" src=\"https:\/\/www.rubengalarreta.com\/wp-content\/uploads\/2022\/04\/SHORT-JUMPSUIT-tech-min-758x800-1-379x400.jpg\" alt=\"\" width=\"192\" height=\"203\" srcset=\"https:\/\/www.rubengalarreta.com\/wp-content\/uploads\/2022\/04\/SHORT-JUMPSUIT-tech-min-758x800-1-379x400.jpg 379w, https:\/\/www.rubengalarreta.com\/wp-content\/uploads\/2022\/04\/SHORT-JUMPSUIT-tech-min-758x800-1-247x261.jpg 247w, https:\/\/www.rubengalarreta.com\/wp-content\/uploads\/2022\/04\/SHORT-JUMPSUIT-tech-min-758x800-1-510x538.jpg 510w, https:\/\/www.rubengalarreta.com\/wp-content\/uploads\/2022\/04\/SHORT-JUMPSUIT-tech-min-758x800-1.jpg 758w\" sizes=\"auto, (max-width: 192px) 100vw, 192px\" \/><\/td>\n<td style=\"width: 50.1002%; border-style: hidden;\" width=\"293\"><span style=\"color: #000000;\"><span style=\"font-family: trebuchet ms, serif;\"><b>GU\u00cdA DE MEDIDAS:<br \/>\n<\/b><\/span><\/span><\/p>\n<ul>\n<li><span style=\"color: #999999;\"><span style=\"font-family: trebuchet ms, serif;\"><span style=\"color: #000000;\">Small:<\/span> A 48cm B 14cm \/ 18.9&#8243; x\u00a0 5.51&#8243;<\/span><\/span><\/li>\n<li><span style=\"color: #999999;\"><span style=\"font-family: trebuchet ms, serif;\"><span style=\"color: #000000;\">Medium:<\/span> A 50cm B 15cm \/ 19.69&#8243; x 5.9&#8243;<\/span><\/span><\/li>\n<li><span style=\"color: #999999;\"><span style=\"font-family: trebuchet ms, serif;\"><span style=\"color: #000000;\">Large:<\/span> A 52cm B 16cm \/ 20.47&#8243; x 6.29&#8243;<\/span><\/span><\/li>\n<\/ul>\n<\/td>\n<\/tr>\n<\/tbody>\n<\/table>\n<p class=\"p1\">Tejido blanco transparente 100% poliamida de punto suave.<\/p>\n","protected":false},"excerpt":{"rendered":"<h1><strong>MONO CORTO SAN ANTONIO<\/strong><\/h1>\n<p>Este angelito estar\u00e1 contigo en cualquier evento posible, su mezcla de elegancia y practicabilidad lo convierten en un imprescindible para tu armario, sobre todo para este verano.<\/p>\n","protected":false},"featured_media":84799,"comment_status":"closed","ping_status":"closed","template":"","meta":{"_monsterinsights_skip_tracking":false,"_monsterinsights_sitenote_active":false,"_monsterinsights_sitenote_note":"","_monsterinsights_sitenote_category":0},"product_brand":[],"product_cat":[5883,2313,1921],"product_tag":[2171,2169],"class_list":{"0":"post-83695","1":"product","2":"type-product","3":"status-publish","4":"has-post-thumbnail","6":"product_cat-eivissa-es","7":"product_cat-novedades","8":"product_cat-man-es","9":"product_tag-camisetas-y-tops","10":"product_tag-pantalones-shorts","12":"first","13":"instock","14":"sale","15":"taxable","16":"shipping-taxable","17":"purchasable","18":"product-type-variable","19":"has-default-attributes"},"yoast_head":"<!-- This site is optimized with the Yoast SEO plugin v27.4 - https:\/\/yoast.com\/product\/yoast-seo-wordpress\/ -->\n<title>MONO CORTO SAN ANTONIO - Ruben Galarreta Tienda<\/title>\n<meta name=\"description\" content=\"Nuestra SUDADERA NEGRA ESSENTIALS para hombres pertenece a la Colecci\u00f3n Essentials. Est\u00e1 hecha de algod\u00f3n con el logo de Galarreta.\" \/>\n<meta name=\"robots\" content=\"index, follow, max-snippet:-1, max-image-preview:large, max-video-preview:-1\" \/>\n<link rel=\"canonical\" href=\"https:\/\/www.rubengalarreta.com\/es\/product\/man-es\/eivissa-es\/mono-corto-san-antonio\/\" \/>\n<meta property=\"og:locale\" content=\"es_ES\" \/>\n<meta property=\"og:type\" content=\"article\" \/>\n<meta property=\"og:title\" content=\"MONO CORTO SAN ANTONIO - Ruben Galarreta Tienda\" \/>\n<meta property=\"og:description\" content=\"Nuestra SUDADERA NEGRA ESSENTIALS para hombres pertenece a la Colecci\u00f3n Essentials. Est\u00e1 hecha de algod\u00f3n con el logo de Galarreta.\" \/>\n<meta property=\"og:url\" content=\"https:\/\/www.rubengalarreta.com\/es\/product\/man-es\/eivissa-es\/mono-corto-san-antonio\/\" \/>\n<meta property=\"og:site_name\" content=\"Ruben Galarreta\" \/>\n<meta property=\"article:modified_time\" content=\"2022-06-17T19:16:27+00:00\" \/>\n<meta property=\"og:image\" content=\"https:\/\/www.rubengalarreta.com\/wp-content\/uploads\/2022\/05\/ruben-galarreta-mens-wear-style-fashion-white-eivissa-stripes-transparent-jumpsuit-front-scaled.jpg\" \/>\n\t<meta property=\"og:image:width\" content=\"1352\" \/>\n\t<meta property=\"og:image:height\" content=\"1920\" \/>\n\t<meta property=\"og:image:type\" content=\"image\/jpeg\" \/>\n<meta name=\"twitter:card\" content=\"summary_large_image\" \/>\n<meta name=\"twitter:label1\" content=\"Tiempo de lectura\" \/>\n\t<meta name=\"twitter:data1\" content=\"1 minuto\" \/>\n<script type=\"application\/ld+json\" class=\"yoast-schema-graph\">{\"@context\":\"https:\\\/\\\/schema.org\",\"@graph\":[{\"@type\":\"WebPage\",\"@id\":\"https:\\\/\\\/www.rubengalarreta.com\\\/es\\\/product\\\/man-es\\\/eivissa-es\\\/mono-corto-san-antonio\\\/\",\"url\":\"https:\\\/\\\/www.rubengalarreta.com\\\/es\\\/product\\\/man-es\\\/eivissa-es\\\/mono-corto-san-antonio\\\/\",\"name\":\"MONO CORTO SAN ANTONIO - Ruben Galarreta Tienda\",\"isPartOf\":{\"@id\":\"https:\\\/\\\/www.rubengalarreta.com\\\/es\\\/#website\"},\"primaryImageOfPage\":{\"@id\":\"https:\\\/\\\/www.rubengalarreta.com\\\/es\\\/product\\\/man-es\\\/eivissa-es\\\/mono-corto-san-antonio\\\/#primaryimage\"},\"image\":{\"@id\":\"https:\\\/\\\/www.rubengalarreta.com\\\/es\\\/product\\\/man-es\\\/eivissa-es\\\/mono-corto-san-antonio\\\/#primaryimage\"},\"thumbnailUrl\":\"https:\\\/\\\/www.rubengalarreta.com\\\/wp-content\\\/uploads\\\/2022\\\/05\\\/ruben-galarreta-mens-wear-style-fashion-white-eivissa-stripes-transparent-jumpsuit-front-scaled.jpg\",\"datePublished\":\"2022-04-19T14:39:51+00:00\",\"dateModified\":\"2022-06-17T19:16:27+00:00\",\"description\":\"Nuestra SUDADERA NEGRA ESSENTIALS para hombres pertenece a la Colecci\u00f3n Essentials. Est\u00e1 hecha de algod\u00f3n con el logo de Galarreta.\",\"breadcrumb\":{\"@id\":\"https:\\\/\\\/www.rubengalarreta.com\\\/es\\\/product\\\/man-es\\\/eivissa-es\\\/mono-corto-san-antonio\\\/#breadcrumb\"},\"inLanguage\":\"es\",\"potentialAction\":[{\"@type\":\"ReadAction\",\"target\":[\"https:\\\/\\\/www.rubengalarreta.com\\\/es\\\/product\\\/man-es\\\/eivissa-es\\\/mono-corto-san-antonio\\\/\"]}]},{\"@type\":\"ImageObject\",\"inLanguage\":\"es\",\"@id\":\"https:\\\/\\\/www.rubengalarreta.com\\\/es\\\/product\\\/man-es\\\/eivissa-es\\\/mono-corto-san-antonio\\\/#primaryimage\",\"url\":\"https:\\\/\\\/www.rubengalarreta.com\\\/wp-content\\\/uploads\\\/2022\\\/05\\\/ruben-galarreta-mens-wear-style-fashion-white-eivissa-stripes-transparent-jumpsuit-front-scaled.jpg\",\"contentUrl\":\"https:\\\/\\\/www.rubengalarreta.com\\\/wp-content\\\/uploads\\\/2022\\\/05\\\/ruben-galarreta-mens-wear-style-fashion-white-eivissa-stripes-transparent-jumpsuit-front-scaled.jpg\",\"width\":1352,\"height\":1920},{\"@type\":\"BreadcrumbList\",\"@id\":\"https:\\\/\\\/www.rubengalarreta.com\\\/es\\\/product\\\/man-es\\\/eivissa-es\\\/mono-corto-san-antonio\\\/#breadcrumb\",\"itemListElement\":[{\"@type\":\"ListItem\",\"position\":1,\"name\":\"Home\",\"item\":\"https:\\\/\\\/www.rubengalarreta.com\\\/es\\\/\"},{\"@type\":\"ListItem\",\"position\":2,\"name\":\"Tienda Online\",\"item\":\"https:\\\/\\\/www.rubengalarreta.com\\\/es\\\/tienda-2\\\/\"},{\"@type\":\"ListItem\",\"position\":3,\"name\":\"MONO CORTO SAN ANTONIO\"}]},{\"@type\":\"WebSite\",\"@id\":\"https:\\\/\\\/www.rubengalarreta.com\\\/es\\\/#website\",\"url\":\"https:\\\/\\\/www.rubengalarreta.com\\\/es\\\/\",\"name\":\"Ruben Galarreta\",\"description\":\"Hot Couture | Online Store\",\"publisher\":{\"@id\":\"https:\\\/\\\/www.rubengalarreta.com\\\/es\\\/#organization\"},\"potentialAction\":[{\"@type\":\"SearchAction\",\"target\":{\"@type\":\"EntryPoint\",\"urlTemplate\":\"https:\\\/\\\/www.rubengalarreta.com\\\/es\\\/?s={search_term_string}\"},\"query-input\":{\"@type\":\"PropertyValueSpecification\",\"valueRequired\":true,\"valueName\":\"search_term_string\"}}],\"inLanguage\":\"es\"},{\"@type\":\"Organization\",\"@id\":\"https:\\\/\\\/www.rubengalarreta.com\\\/es\\\/#organization\",\"name\":\"Ruben Galarreta\",\"url\":\"https:\\\/\\\/www.rubengalarreta.com\\\/es\\\/\",\"logo\":{\"@type\":\"ImageObject\",\"inLanguage\":\"es\",\"@id\":\"https:\\\/\\\/www.rubengalarreta.com\\\/es\\\/#\\\/schema\\\/logo\\\/image\\\/\",\"url\":\"https:\\\/\\\/www.rubengalarreta.com\\\/wp-content\\\/uploads\\\/2019\\\/10\\\/rubengalarreta-menswear.jpg\",\"contentUrl\":\"https:\\\/\\\/www.rubengalarreta.com\\\/wp-content\\\/uploads\\\/2019\\\/10\\\/rubengalarreta-menswear.jpg\",\"width\":1141,\"height\":146,\"caption\":\"Ruben Galarreta\"},\"image\":{\"@id\":\"https:\\\/\\\/www.rubengalarreta.com\\\/es\\\/#\\\/schema\\\/logo\\\/image\\\/\"}}]}<\/script>\n<!-- \/ Yoast SEO plugin. -->","yoast_head_json":{"title":"MONO CORTO SAN ANTONIO - Ruben Galarreta Tienda","description":"Nuestra SUDADERA NEGRA ESSENTIALS para hombres pertenece a la Colecci\u00f3n Essentials. Est\u00e1 hecha de algod\u00f3n con el logo de Galarreta.","robots":{"index":"index","follow":"follow","max-snippet":"max-snippet:-1","max-image-preview":"max-image-preview:large","max-video-preview":"max-video-preview:-1"},"canonical":"https:\/\/www.rubengalarreta.com\/es\/product\/man-es\/eivissa-es\/mono-corto-san-antonio\/","og_locale":"es_ES","og_type":"article","og_title":"MONO CORTO SAN ANTONIO - Ruben Galarreta Tienda","og_description":"Nuestra SUDADERA NEGRA ESSENTIALS para hombres pertenece a la Colecci\u00f3n Essentials. Est\u00e1 hecha de algod\u00f3n con el logo de Galarreta.","og_url":"https:\/\/www.rubengalarreta.com\/es\/product\/man-es\/eivissa-es\/mono-corto-san-antonio\/","og_site_name":"Ruben Galarreta","article_modified_time":"2022-06-17T19:16:27+00:00","og_image":[{"width":1352,"height":1920,"url":"https:\/\/www.rubengalarreta.com\/wp-content\/uploads\/2022\/05\/ruben-galarreta-mens-wear-style-fashion-white-eivissa-stripes-transparent-jumpsuit-front-scaled.jpg","type":"image\/jpeg"}],"twitter_card":"summary_large_image","twitter_misc":{"Tiempo de lectura":"1 minuto"},"schema":{"@context":"https:\/\/schema.org","@graph":[{"@type":"WebPage","@id":"https:\/\/www.rubengalarreta.com\/es\/product\/man-es\/eivissa-es\/mono-corto-san-antonio\/","url":"https:\/\/www.rubengalarreta.com\/es\/product\/man-es\/eivissa-es\/mono-corto-san-antonio\/","name":"MONO CORTO SAN ANTONIO - Ruben Galarreta Tienda","isPartOf":{"@id":"https:\/\/www.rubengalarreta.com\/es\/#website"},"primaryImageOfPage":{"@id":"https:\/\/www.rubengalarreta.com\/es\/product\/man-es\/eivissa-es\/mono-corto-san-antonio\/#primaryimage"},"image":{"@id":"https:\/\/www.rubengalarreta.com\/es\/product\/man-es\/eivissa-es\/mono-corto-san-antonio\/#primaryimage"},"thumbnailUrl":"https:\/\/www.rubengalarreta.com\/wp-content\/uploads\/2022\/05\/ruben-galarreta-mens-wear-style-fashion-white-eivissa-stripes-transparent-jumpsuit-front-scaled.jpg","datePublished":"2022-04-19T14:39:51+00:00","dateModified":"2022-06-17T19:16:27+00:00","description":"Nuestra SUDADERA NEGRA ESSENTIALS para hombres pertenece a la Colecci\u00f3n Essentials. Est\u00e1 hecha de algod\u00f3n con el logo de Galarreta.","breadcrumb":{"@id":"https:\/\/www.rubengalarreta.com\/es\/product\/man-es\/eivissa-es\/mono-corto-san-antonio\/#breadcrumb"},"inLanguage":"es","potentialAction":[{"@type":"ReadAction","target":["https:\/\/www.rubengalarreta.com\/es\/product\/man-es\/eivissa-es\/mono-corto-san-antonio\/"]}]},{"@type":"ImageObject","inLanguage":"es","@id":"https:\/\/www.rubengalarreta.com\/es\/product\/man-es\/eivissa-es\/mono-corto-san-antonio\/#primaryimage","url":"https:\/\/www.rubengalarreta.com\/wp-content\/uploads\/2022\/05\/ruben-galarreta-mens-wear-style-fashion-white-eivissa-stripes-transparent-jumpsuit-front-scaled.jpg","contentUrl":"https:\/\/www.rubengalarreta.com\/wp-content\/uploads\/2022\/05\/ruben-galarreta-mens-wear-style-fashion-white-eivissa-stripes-transparent-jumpsuit-front-scaled.jpg","width":1352,"height":1920},{"@type":"BreadcrumbList","@id":"https:\/\/www.rubengalarreta.com\/es\/product\/man-es\/eivissa-es\/mono-corto-san-antonio\/#breadcrumb","itemListElement":[{"@type":"ListItem","position":1,"name":"Home","item":"https:\/\/www.rubengalarreta.com\/es\/"},{"@type":"ListItem","position":2,"name":"Tienda Online","item":"https:\/\/www.rubengalarreta.com\/es\/tienda-2\/"},{"@type":"ListItem","position":3,"name":"MONO CORTO SAN ANTONIO"}]},{"@type":"WebSite","@id":"https:\/\/www.rubengalarreta.com\/es\/#website","url":"https:\/\/www.rubengalarreta.com\/es\/","name":"Ruben Galarreta","description":"Hot Couture | Online Store","publisher":{"@id":"https:\/\/www.rubengalarreta.com\/es\/#organization"},"potentialAction":[{"@type":"SearchAction","target":{"@type":"EntryPoint","urlTemplate":"https:\/\/www.rubengalarreta.com\/es\/?s={search_term_string}"},"query-input":{"@type":"PropertyValueSpecification","valueRequired":true,"valueName":"search_term_string"}}],"inLanguage":"es"},{"@type":"Organization","@id":"https:\/\/www.rubengalarreta.com\/es\/#organization","name":"Ruben Galarreta","url":"https:\/\/www.rubengalarreta.com\/es\/","logo":{"@type":"ImageObject","inLanguage":"es","@id":"https:\/\/www.rubengalarreta.com\/es\/#\/schema\/logo\/image\/","url":"https:\/\/www.rubengalarreta.com\/wp-content\/uploads\/2019\/10\/rubengalarreta-menswear.jpg","contentUrl":"https:\/\/www.rubengalarreta.com\/wp-content\/uploads\/2019\/10\/rubengalarreta-menswear.jpg","width":1141,"height":146,"caption":"Ruben Galarreta"},"image":{"@id":"https:\/\/www.rubengalarreta.com\/es\/#\/schema\/logo\/image\/"}}]}},"_links":{"self":[{"href":"https:\/\/www.rubengalarreta.com\/es\/wp-json\/wp\/v2\/product\/83695","targetHints":{"allow":["GET"]}}],"collection":[{"href":"https:\/\/www.rubengalarreta.com\/es\/wp-json\/wp\/v2\/product"}],"about":[{"href":"https:\/\/www.rubengalarreta.com\/es\/wp-json\/wp\/v2\/types\/product"}],"replies":[{"embeddable":true,"href":"https:\/\/www.rubengalarreta.com\/es\/wp-json\/wp\/v2\/comments?post=83695"}],"wp:featuredmedia":[{"embeddable":true,"href":"https:\/\/www.rubengalarreta.com\/es\/wp-json\/wp\/v2\/media\/84799"}],"wp:attachment":[{"href":"https:\/\/www.rubengalarreta.com\/es\/wp-json\/wp\/v2\/media?parent=83695"}],"wp:term":[{"taxonomy":"product_brand","embeddable":true,"href":"https:\/\/www.rubengalarreta.com\/es\/wp-json\/wp\/v2\/product_brand?post=83695"},{"taxonomy":"product_cat","embeddable":true,"href":"https:\/\/www.rubengalarreta.com\/es\/wp-json\/wp\/v2\/product_cat?post=83695"},{"taxonomy":"product_tag","embeddable":true,"href":"https:\/\/www.rubengalarreta.com\/es\/wp-json\/wp\/v2\/product_tag?post=83695"}],"curies":[{"name":"wp","href":"https:\/\/api.w.org\/{rel}","templated":true}]}}