{"id":50178,"date":"2020-04-09T18:14:07","date_gmt":"2020-04-09T16:14:08","guid":{"rendered":"https:\/\/www.rubengalarreta.com\/?post_type=product&#038;p=50178"},"modified":"2021-10-22T17:12:23","modified_gmt":"2021-10-22T15:12:23","slug":"mochila-negra-de-piel-vegana","status":"publish","type":"product","link":"https:\/\/www.rubengalarreta.com\/es\/product\/man-es\/accesorios-hombre-galarreta\/mochila-negra-de-piel-vegana\/","title":{"rendered":"MOCHILA NEGRA DE PIEL VEGANA"},"content":{"rendered":"<table style=\"width: 100%; border-collapse: collapse; border-style: none;\">\n<tbody>\n<tr style=\"height: 62px;\">\n<td style=\"width: 50%; vertical-align: top; height: 62px;\"><span style=\"font-family: helvetica, arial, sans-serif;\"><strong><span style=\"color: #000000;\">DETALLES DE PRODUCTO:<\/span><\/strong><\/span><br \/>\n<span style=\"color: #999999; font-family: helvetica, arial, sans-serif;\">&#8211; Mochilade de piel vegana\u00a0<\/span><br \/>\n<span style=\"color: #999999; font-family: helvetica, arial, sans-serif;\">-Cremallera de metal con dos tiradorres bordados\u00a0<\/span><br \/>\n<span style=\"color: #999999; font-family: helvetica, arial, sans-serif;\">-Bolsillo frontal con cremallera de metal y tirador de metacrilato <\/span><br \/>\n<span style=\"color: #999999; font-family: helvetica, arial, sans-serif;\">-Placa de metal grabada a laser con tachuelas<\/span><\/td>\n<td style=\"width: 50%; vertical-align: top; height: 62px;\"><span style=\"font-family: helvetica, arial, sans-serif;\"><strong><span style=\"color: #000000;\">MEDIDAS:<\/span><\/strong><span style=\"color: #000000;\"><br \/>\n<\/span><span style=\"color: #999999;\">&#8211; 31 cm x 47 cm x 16 cm (est\u00e1ndard)<\/span><\/span><\/td>\n<\/tr>\n<tr style=\"height: 91px;\">\n<td style=\"width: 50%; vertical-align: top; height: 91px;\"><span style=\"font-family: helvetica, arial, sans-serif;\"><strong><span style=\"color: #000000;\">CUIDADOS<\/span><\/strong><span style=\"color: #000000;\">:<\/span><\/span><br \/>\n<span style=\"font-family: helvetica, arial, sans-serif; color: #999999;\">-Limpiar con un pa\u00f1o h\u00famedo.\u00a0<\/span><\/td>\n<td style=\"width: 50%; vertical-align: top; height: 91px;\"><span style=\"color: #ff0000; font-family: helvetica, arial, sans-serif; font-size: 100%;\"><strong>NOTAS:<\/strong> est\u00e1 grafiteado a mano en Madrid, por lo que los diferentes borrones y las diferentes manchas y sobras son lo que lo hacen \u00fanico.<\/span><\/td>\n<\/tr>\n<\/tbody>\n<\/table>\n<p><span style=\"font-family: helvetica, arial, sans-serif; font-size: 100%;\"><b>DISE\u00d1ADA Y GRAFITEADA A MANO EN MADRID<\/b><\/span><\/p>\n<p><span style=\"font-family: helvetica, arial, sans-serif; font-size: 100%;\">Esta Mochila de Polipiel dise\u00f1ada por Rub\u00e9n Galarreta es \u00fanica y diferente ya que est\u00e1 grafiteada a mano en Madrid, por lo que los diferentes borrones y las diferentes manchas son lo que la hacen \u00fanica. Esta mochila es de estilo streetwear proporciona la personalidad que da la polipiel vegana de color negro mezclado con el toque Galarreta. Se puede comprar de manera online por nuestra p\u00e1gina web o en nuestras tiendas f\u00edsicas.<\/span><\/p>\n<p><span style=\"font-family: helvetica, arial, sans-serif; font-size: 100%;\">Esta Mochila de Polipiel Negra es un complemento que est\u00e1 completamente dise\u00f1ado, customizado y serigrafiado en Madrid con materiales de la mejor calidad y un dise\u00f1o \u00fanico y exclusivo. Consta de la propia mochila fabricada en polipiel de color negro, dos tiradores laterales con el texto \u00abPull Me Harder\u00bb y en la parte trasera el nombre de la firma, un tirador central hecho de metacrilato con el nombre de la firma, y por si fuera poco contiene un detalle exclusivo de la firma de acero inoxidable con efecto espejo y grabado a l\u00e1ser el nombre y el logotipo de la firma, embellecido por cuatro tachuelas de metal que proporcionan un toque m\u00e1s atrevido y \u00fanico.<\/span><\/p>\n<p><span style=\"font-family: helvetica, arial, sans-serif; font-size: 100%;\">Adem\u00e1s, la serigraf\u00eda de la mochila en la que consta el logotipo y nombre de la firma, no se hace en f\u00e1brica, se hace a mano por lo que cada mochila tiene un dise\u00f1o diferente y exclusivo. Lo que caracteriza a esta mochila es la artesan\u00eda de la que est\u00e1 hecha ya que todos los procesos de serigrafiado y customizado son hechos a mano en Madrid. <\/span><\/p>\n<p><span style=\"font-family: helvetica, arial, sans-serif; font-size: 100%;\">Por \u00faltimo, podemos decir que esta mochila negra es una pieza \u00fanica y no habr\u00e1 dos iguales ya que el proceso de serigrafiado de esta mochila negra est\u00e1 hecho a mano con plantillas y esos peque\u00f1os detalles son los que las hacen diferentes y \u00fanicas. Adem\u00e1s, esta mochila est\u00e1 fabricada en polipiel vegana para no da\u00f1ar el ecosistema con su fabricaci\u00f3n.<\/span><\/p>\n<p><span style=\"font-family: helvetica, arial, sans-serif; font-size: 100%;\">PUNTOS A RESALTAR:<\/span><\/p>\n<p><span style=\"font-family: helvetica, arial, sans-serif; font-size: 100%;\">&#8211; Mochila de Polipiel Vegana.<\/span><\/p>\n<p><span style=\"font-family: helvetica, arial, sans-serif; font-size: 100%;\">&#8211; Serigrafiada a mano de manera exclusiva en Madrid.<\/span><\/p>\n<p><span style=\"font-family: helvetica, arial, sans-serif; font-size: 100%;\">&#8211; Customizada con tiradores y dos planchas de metacrilato confeccionadas en l\u00e1ser en Espa\u00f1a.<\/span><\/p>\n<p><span style=\"font-family: helvetica, arial, sans-serif; font-size: 100%;\">&#8211; Prenda exclusiva y \u00fanica, no habr\u00e1 dos iguales.<\/span><\/p>\n<p><span style=\"font-family: helvetica, arial, sans-serif;\">Esta mochila pertenece a una colecci\u00f3n de <a href=\"https:\/\/www.rubengalarreta.com\/es\/producto-categoria\/special-items-es\/\">\u00abSpecial Items\u00bb<\/a> la cual consta de dos mochilas m\u00e1s y tres llaveros.<\/span><\/p>\n","protected":false},"excerpt":{"rendered":"<p><strong>MOCHILA NEGRA DE PIEL VEGANA<\/strong><\/p>\n<p>Esta Mochila Negra es el complemento perfecto que le dar\u00e1 a tus looks el toque Galarreta. Est\u00e1 totalmente dise\u00f1ado, customizado y serigrafiado en Madrid.<\/p>\n","protected":false},"featured_media":51126,"comment_status":"closed","ping_status":"closed","template":"","meta":{"_monsterinsights_skip_tracking":false,"_monsterinsights_sitenote_active":false,"_monsterinsights_sitenote_note":"","_monsterinsights_sitenote_category":0},"product_brand":[],"product_cat":[5069,1921],"product_tag":[2334],"class_list":{"0":"post-50178","1":"product","2":"type-product","3":"status-publish","4":"has-post-thumbnail","6":"product_cat-accesorios-hombre-galarreta","7":"product_cat-man-es","8":"product_tag-bolsos-accesorios","10":"first","11":"outofstock","12":"sale","13":"taxable","14":"shipping-taxable","15":"purchasable","16":"product-type-simple"},"yoast_head":"<!-- This site is optimized with the Yoast SEO plugin v27.5 - https:\/\/yoast.com\/product\/yoast-seo-wordpress\/ -->\n<title>MOCHILA NEGRA DE PIEL VEGANA - Ruben Galarreta<\/title>\n<meta name=\"description\" content=\"Mochila Negra de Piel Vegana es el complemento que tus looks necesitan, esta mochila te dar\u00e1 el toque Galarreta.\" \/>\n<meta name=\"robots\" content=\"index, follow, max-snippet:-1, max-image-preview:large, max-video-preview:-1\" \/>\n<link rel=\"canonical\" href=\"https:\/\/www.rubengalarreta.com\/es\/product\/man-es\/accesorios-hombre-galarreta\/mochila-negra-de-piel-vegana\/\" \/>\n<meta property=\"og:locale\" content=\"es_ES\" \/>\n<meta property=\"og:type\" content=\"article\" \/>\n<meta property=\"og:title\" content=\"MOCHILA NEGRA DE PIEL VEGANA - Ruben Galarreta\" \/>\n<meta property=\"og:description\" content=\"Mochila Negra de Piel Vegana es el complemento que tus looks necesitan, esta mochila te dar\u00e1 el toque Galarreta.\" \/>\n<meta property=\"og:url\" content=\"https:\/\/www.rubengalarreta.com\/es\/product\/man-es\/accesorios-hombre-galarreta\/mochila-negra-de-piel-vegana\/\" \/>\n<meta property=\"og:site_name\" content=\"Ruben Galarreta\" \/>\n<meta property=\"article:modified_time\" content=\"2021-10-22T15:12:23+00:00\" \/>\n<meta property=\"og:image\" content=\"https:\/\/www.rubengalarreta.com\/wp-content\/uploads\/2020\/04\/ruben-galarreta-aero-backpack-black-fashion-men-icon-bag-front-min-1.jpg\" \/>\n\t<meta property=\"og:image:width\" content=\"704\" \/>\n\t<meta property=\"og:image:height\" content=\"1000\" \/>\n\t<meta property=\"og:image:type\" content=\"image\/jpeg\" \/>\n<meta name=\"twitter:card\" content=\"summary_large_image\" \/>\n<meta name=\"twitter:label1\" content=\"Tiempo de lectura\" \/>\n\t<meta name=\"twitter:data1\" content=\"2 minutos\" \/>\n<script type=\"application\/ld+json\" class=\"yoast-schema-graph\">{\"@context\":\"https:\\\/\\\/schema.org\",\"@graph\":[{\"@type\":\"WebPage\",\"@id\":\"https:\\\/\\\/www.rubengalarreta.com\\\/es\\\/product\\\/man-es\\\/accesorios-hombre-galarreta\\\/mochila-negra-de-piel-vegana\\\/\",\"url\":\"https:\\\/\\\/www.rubengalarreta.com\\\/es\\\/product\\\/man-es\\\/accesorios-hombre-galarreta\\\/mochila-negra-de-piel-vegana\\\/\",\"name\":\"MOCHILA NEGRA DE PIEL VEGANA - Ruben Galarreta\",\"isPartOf\":{\"@id\":\"https:\\\/\\\/www.rubengalarreta.com\\\/es\\\/#website\"},\"primaryImageOfPage\":{\"@id\":\"https:\\\/\\\/www.rubengalarreta.com\\\/es\\\/product\\\/man-es\\\/accesorios-hombre-galarreta\\\/mochila-negra-de-piel-vegana\\\/#primaryimage\"},\"image\":{\"@id\":\"https:\\\/\\\/www.rubengalarreta.com\\\/es\\\/product\\\/man-es\\\/accesorios-hombre-galarreta\\\/mochila-negra-de-piel-vegana\\\/#primaryimage\"},\"thumbnailUrl\":\"https:\\\/\\\/www.rubengalarreta.com\\\/wp-content\\\/uploads\\\/2020\\\/04\\\/ruben-galarreta-aero-backpack-black-fashion-men-icon-bag-front-min-1.jpg\",\"datePublished\":\"2020-04-09T16:14:08+00:00\",\"dateModified\":\"2021-10-22T15:12:23+00:00\",\"description\":\"Mochila Negra de Piel Vegana es el complemento que tus looks necesitan, esta mochila te dar\u00e1 el toque Galarreta.\",\"breadcrumb\":{\"@id\":\"https:\\\/\\\/www.rubengalarreta.com\\\/es\\\/product\\\/man-es\\\/accesorios-hombre-galarreta\\\/mochila-negra-de-piel-vegana\\\/#breadcrumb\"},\"inLanguage\":\"es\",\"potentialAction\":[{\"@type\":\"ReadAction\",\"target\":[\"https:\\\/\\\/www.rubengalarreta.com\\\/es\\\/product\\\/man-es\\\/accesorios-hombre-galarreta\\\/mochila-negra-de-piel-vegana\\\/\"]}]},{\"@type\":\"ImageObject\",\"inLanguage\":\"es\",\"@id\":\"https:\\\/\\\/www.rubengalarreta.com\\\/es\\\/product\\\/man-es\\\/accesorios-hombre-galarreta\\\/mochila-negra-de-piel-vegana\\\/#primaryimage\",\"url\":\"https:\\\/\\\/www.rubengalarreta.com\\\/wp-content\\\/uploads\\\/2020\\\/04\\\/ruben-galarreta-aero-backpack-black-fashion-men-icon-bag-front-min-1.jpg\",\"contentUrl\":\"https:\\\/\\\/www.rubengalarreta.com\\\/wp-content\\\/uploads\\\/2020\\\/04\\\/ruben-galarreta-aero-backpack-black-fashion-men-icon-bag-front-min-1.jpg\",\"width\":704,\"height\":1000,\"caption\":\"Mochila Negra de Piel Vegana\"},{\"@type\":\"BreadcrumbList\",\"@id\":\"https:\\\/\\\/www.rubengalarreta.com\\\/es\\\/product\\\/man-es\\\/accesorios-hombre-galarreta\\\/mochila-negra-de-piel-vegana\\\/#breadcrumb\",\"itemListElement\":[{\"@type\":\"ListItem\",\"position\":1,\"name\":\"Home\",\"item\":\"https:\\\/\\\/www.rubengalarreta.com\\\/es\\\/\"},{\"@type\":\"ListItem\",\"position\":2,\"name\":\"Tienda Online\",\"item\":\"https:\\\/\\\/www.rubengalarreta.com\\\/es\\\/tienda-2\\\/\"},{\"@type\":\"ListItem\",\"position\":3,\"name\":\"MOCHILA NEGRA DE PIEL VEGANA\"}]},{\"@type\":\"WebSite\",\"@id\":\"https:\\\/\\\/www.rubengalarreta.com\\\/es\\\/#website\",\"url\":\"https:\\\/\\\/www.rubengalarreta.com\\\/es\\\/\",\"name\":\"Ruben Galarreta\",\"description\":\"Hot Couture | Online Store\",\"publisher\":{\"@id\":\"https:\\\/\\\/www.rubengalarreta.com\\\/es\\\/#organization\"},\"potentialAction\":[{\"@type\":\"SearchAction\",\"target\":{\"@type\":\"EntryPoint\",\"urlTemplate\":\"https:\\\/\\\/www.rubengalarreta.com\\\/es\\\/?s={search_term_string}\"},\"query-input\":{\"@type\":\"PropertyValueSpecification\",\"valueRequired\":true,\"valueName\":\"search_term_string\"}}],\"inLanguage\":\"es\"},{\"@type\":\"Organization\",\"@id\":\"https:\\\/\\\/www.rubengalarreta.com\\\/es\\\/#organization\",\"name\":\"Ruben Galarreta\",\"url\":\"https:\\\/\\\/www.rubengalarreta.com\\\/es\\\/\",\"logo\":{\"@type\":\"ImageObject\",\"inLanguage\":\"es\",\"@id\":\"https:\\\/\\\/www.rubengalarreta.com\\\/es\\\/#\\\/schema\\\/logo\\\/image\\\/\",\"url\":\"https:\\\/\\\/www.rubengalarreta.com\\\/wp-content\\\/uploads\\\/2019\\\/10\\\/rubengalarreta-menswear.jpg\",\"contentUrl\":\"https:\\\/\\\/www.rubengalarreta.com\\\/wp-content\\\/uploads\\\/2019\\\/10\\\/rubengalarreta-menswear.jpg\",\"width\":1141,\"height\":146,\"caption\":\"Ruben Galarreta\"},\"image\":{\"@id\":\"https:\\\/\\\/www.rubengalarreta.com\\\/es\\\/#\\\/schema\\\/logo\\\/image\\\/\"}}]}<\/script>\n<!-- \/ Yoast SEO plugin. -->","yoast_head_json":{"title":"MOCHILA NEGRA DE PIEL VEGANA - Ruben Galarreta","description":"Mochila Negra de Piel Vegana es el complemento que tus looks necesitan, esta mochila te dar\u00e1 el toque Galarreta.","robots":{"index":"index","follow":"follow","max-snippet":"max-snippet:-1","max-image-preview":"max-image-preview:large","max-video-preview":"max-video-preview:-1"},"canonical":"https:\/\/www.rubengalarreta.com\/es\/product\/man-es\/accesorios-hombre-galarreta\/mochila-negra-de-piel-vegana\/","og_locale":"es_ES","og_type":"article","og_title":"MOCHILA NEGRA DE PIEL VEGANA - Ruben Galarreta","og_description":"Mochila Negra de Piel Vegana es el complemento que tus looks necesitan, esta mochila te dar\u00e1 el toque Galarreta.","og_url":"https:\/\/www.rubengalarreta.com\/es\/product\/man-es\/accesorios-hombre-galarreta\/mochila-negra-de-piel-vegana\/","og_site_name":"Ruben Galarreta","article_modified_time":"2021-10-22T15:12:23+00:00","og_image":[{"width":704,"height":1000,"url":"https:\/\/www.rubengalarreta.com\/wp-content\/uploads\/2020\/04\/ruben-galarreta-aero-backpack-black-fashion-men-icon-bag-front-min-1.jpg","type":"image\/jpeg"}],"twitter_card":"summary_large_image","twitter_misc":{"Tiempo de lectura":"2 minutos"},"schema":{"@context":"https:\/\/schema.org","@graph":[{"@type":"WebPage","@id":"https:\/\/www.rubengalarreta.com\/es\/product\/man-es\/accesorios-hombre-galarreta\/mochila-negra-de-piel-vegana\/","url":"https:\/\/www.rubengalarreta.com\/es\/product\/man-es\/accesorios-hombre-galarreta\/mochila-negra-de-piel-vegana\/","name":"MOCHILA NEGRA DE PIEL VEGANA - Ruben Galarreta","isPartOf":{"@id":"https:\/\/www.rubengalarreta.com\/es\/#website"},"primaryImageOfPage":{"@id":"https:\/\/www.rubengalarreta.com\/es\/product\/man-es\/accesorios-hombre-galarreta\/mochila-negra-de-piel-vegana\/#primaryimage"},"image":{"@id":"https:\/\/www.rubengalarreta.com\/es\/product\/man-es\/accesorios-hombre-galarreta\/mochila-negra-de-piel-vegana\/#primaryimage"},"thumbnailUrl":"https:\/\/www.rubengalarreta.com\/wp-content\/uploads\/2020\/04\/ruben-galarreta-aero-backpack-black-fashion-men-icon-bag-front-min-1.jpg","datePublished":"2020-04-09T16:14:08+00:00","dateModified":"2021-10-22T15:12:23+00:00","description":"Mochila Negra de Piel Vegana es el complemento que tus looks necesitan, esta mochila te dar\u00e1 el toque Galarreta.","breadcrumb":{"@id":"https:\/\/www.rubengalarreta.com\/es\/product\/man-es\/accesorios-hombre-galarreta\/mochila-negra-de-piel-vegana\/#breadcrumb"},"inLanguage":"es","potentialAction":[{"@type":"ReadAction","target":["https:\/\/www.rubengalarreta.com\/es\/product\/man-es\/accesorios-hombre-galarreta\/mochila-negra-de-piel-vegana\/"]}]},{"@type":"ImageObject","inLanguage":"es","@id":"https:\/\/www.rubengalarreta.com\/es\/product\/man-es\/accesorios-hombre-galarreta\/mochila-negra-de-piel-vegana\/#primaryimage","url":"https:\/\/www.rubengalarreta.com\/wp-content\/uploads\/2020\/04\/ruben-galarreta-aero-backpack-black-fashion-men-icon-bag-front-min-1.jpg","contentUrl":"https:\/\/www.rubengalarreta.com\/wp-content\/uploads\/2020\/04\/ruben-galarreta-aero-backpack-black-fashion-men-icon-bag-front-min-1.jpg","width":704,"height":1000,"caption":"Mochila Negra de Piel Vegana"},{"@type":"BreadcrumbList","@id":"https:\/\/www.rubengalarreta.com\/es\/product\/man-es\/accesorios-hombre-galarreta\/mochila-negra-de-piel-vegana\/#breadcrumb","itemListElement":[{"@type":"ListItem","position":1,"name":"Home","item":"https:\/\/www.rubengalarreta.com\/es\/"},{"@type":"ListItem","position":2,"name":"Tienda Online","item":"https:\/\/www.rubengalarreta.com\/es\/tienda-2\/"},{"@type":"ListItem","position":3,"name":"MOCHILA NEGRA DE PIEL VEGANA"}]},{"@type":"WebSite","@id":"https:\/\/www.rubengalarreta.com\/es\/#website","url":"https:\/\/www.rubengalarreta.com\/es\/","name":"Ruben Galarreta","description":"Hot Couture | Online Store","publisher":{"@id":"https:\/\/www.rubengalarreta.com\/es\/#organization"},"potentialAction":[{"@type":"SearchAction","target":{"@type":"EntryPoint","urlTemplate":"https:\/\/www.rubengalarreta.com\/es\/?s={search_term_string}"},"query-input":{"@type":"PropertyValueSpecification","valueRequired":true,"valueName":"search_term_string"}}],"inLanguage":"es"},{"@type":"Organization","@id":"https:\/\/www.rubengalarreta.com\/es\/#organization","name":"Ruben Galarreta","url":"https:\/\/www.rubengalarreta.com\/es\/","logo":{"@type":"ImageObject","inLanguage":"es","@id":"https:\/\/www.rubengalarreta.com\/es\/#\/schema\/logo\/image\/","url":"https:\/\/www.rubengalarreta.com\/wp-content\/uploads\/2019\/10\/rubengalarreta-menswear.jpg","contentUrl":"https:\/\/www.rubengalarreta.com\/wp-content\/uploads\/2019\/10\/rubengalarreta-menswear.jpg","width":1141,"height":146,"caption":"Ruben Galarreta"},"image":{"@id":"https:\/\/www.rubengalarreta.com\/es\/#\/schema\/logo\/image\/"}}]}},"_links":{"self":[{"href":"https:\/\/www.rubengalarreta.com\/es\/wp-json\/wp\/v2\/product\/50178","targetHints":{"allow":["GET"]}}],"collection":[{"href":"https:\/\/www.rubengalarreta.com\/es\/wp-json\/wp\/v2\/product"}],"about":[{"href":"https:\/\/www.rubengalarreta.com\/es\/wp-json\/wp\/v2\/types\/product"}],"replies":[{"embeddable":true,"href":"https:\/\/www.rubengalarreta.com\/es\/wp-json\/wp\/v2\/comments?post=50178"}],"wp:featuredmedia":[{"embeddable":true,"href":"https:\/\/www.rubengalarreta.com\/es\/wp-json\/wp\/v2\/media\/51126"}],"wp:attachment":[{"href":"https:\/\/www.rubengalarreta.com\/es\/wp-json\/wp\/v2\/media?parent=50178"}],"wp:term":[{"taxonomy":"product_brand","embeddable":true,"href":"https:\/\/www.rubengalarreta.com\/es\/wp-json\/wp\/v2\/product_brand?post=50178"},{"taxonomy":"product_cat","embeddable":true,"href":"https:\/\/www.rubengalarreta.com\/es\/wp-json\/wp\/v2\/product_cat?post=50178"},{"taxonomy":"product_tag","embeddable":true,"href":"https:\/\/www.rubengalarreta.com\/es\/wp-json\/wp\/v2\/product_tag?post=50178"}],"curies":[{"name":"wp","href":"https:\/\/api.w.org\/{rel}","templated":true}]}}